{"id":60,"date":"2026-03-19T16:23:23","date_gmt":"2026-03-19T16:23:23","guid":{"rendered":"http:\/\/www.tiyatrokale.com\/?page_id=60"},"modified":"2026-04-14T21:19:29","modified_gmt":"2026-04-14T21:19:29","slug":"ekibimiz","status":"publish","type":"page","link":"http:\/\/www.tiyatrokale.com\/?page_id=60","title":{"rendered":"EK\u0130B\u0130M\u0130Z"},"content":{"rendered":"\t\t<div data-elementor-type=\"wp-page\" data-elementor-id=\"60\" class=\"elementor elementor-60\">\n\t\t\t\t<div class=\"elementor-element elementor-element-bfc700a e-flex e-con-boxed e-con e-parent\" data-id=\"bfc700a\" data-element_type=\"container\" data-e-type=\"container\">\n\t\t\t\t\t<div class=\"e-con-inner\">\n\t\t<div class=\"elementor-element elementor-element-6164310 e-con-full ekip-kart e-flex e-con e-child\" data-id=\"6164310\" data-element_type=\"container\" data-e-type=\"container\">\n\t\t\t\t<div class=\"elementor-element elementor-element-b91577e elementor-widget elementor-widget-html\" data-id=\"b91577e\" data-element_type=\"widget\" data-e-type=\"widget\" data-widget_type=\"html.default\">\n\t\t\t\t\t<style>\r\n  .ekip-kart { text-align: center; font-family: 'Helvetica', 'Arial', sans-serif; line-height: 1.8; padding: 20px; background: #fff; }\r\n  .ekip-foto { width: 250px; height: 250px; border-radius: 50%; object-fit: cover; margin: 0 auto 20px auto; display: block; border: 1px solid #eee; }\r\n  .ekip-isim { font-size: 22px; font-weight: bold; margin-bottom: 5px; color: #222; }\r\n  .ekip-unvan { font-size: 16px; color: #666; margin-bottom: 20px; font-weight: 600; }\r\n  .biyo-ozet { font-size: 15px; color: #333; font-weight: 500; margin-bottom: 15px; text-align: center; }\r\n  .biyo-tamam { display: none; font-size: 14px; color: #555; margin-top: 15px; border-top: 1px solid #eee; padding-top: 15px; text-align: justify; }\r\n  .oku-buton { background: transparent; border: 2px solid #222; padding: 10px 30px; cursor: pointer; font-size: 13px; font-weight: bold; text-transform: uppercase; transition: 0.3s; margin-top: 10px; letter-spacing: 1px; }\r\n  .oku-buton:hover { background: #222; color: #fff; }\r\n<\/style>\r\n\r\n<div class=\"ekip-kart\">\r\n  <img decoding=\"async\" src=\"http:\/\/www.tiyatrokale.com\/wp-content\/uploads\/2026\/03\/Kayhan-Biyometrik-fotograf.jpg\" class=\"ekip-foto\">\r\n\r\n  <div class=\"ekip-isim\">Kayhan KABAN<\/div>\r\n  <div class=\"ekip-unvan\">Genel Sanat Y\u00f6netmeni<\/div>\r\n\r\n  <div class=\"biyo-ozet\">\r\n    1974 y\u0131l\u0131nda Erzurum\u2019da d\u00fcnyaya gelen Kayhan KABAN, hen\u00fcz \u00e7ocukluk d\u00f6neminde tiyatro ile tan\u0131\u015farak sanat ya\u015fam\u0131na ilk ad\u0131m\u0131n\u0131 att\u0131. Tiyatroya olan derin adanm\u0131\u015fl\u0131\u011f\u0131 onu disiplinli bir oyunculuk e\u011fitimine y\u00f6nlendirdi.\r\n  <\/div>\r\n\r\n  <div id=\"biyo-kaban-yeni\" class=\"biyo-tamam\">\r\n    7 Mart 1974 tarihinde Erzurum, A\u015fkale'de do\u011fdu. \u0130lk ve orta \u00f6\u011frenimini do\u011fdu\u011fu yerde tamamlad\u0131ktan sonra, lise ve \u00fcniversite e\u011fitimini \u0130stanbul'da tamamlam\u0131\u015ft\u0131r. Tiyatro d\u00fcnyas\u0131na olan ilgisi onu sanata daha da yakla\u015ft\u0131rd\u0131 ve bu alanda 6,5 y\u0131l s\u00fcren oyunculuk, diksiyon, y\u00f6netmenlik ve yazarl\u0131k e\u011fitimleri ald\u0131.\r\n    <br><br>\r\n    Sanat kariyerine \u00e7e\u015fitli tiyatrolarda oyunculuk, yazarl\u0131k ve y\u00f6netmenlik yaparak ba\u015flad\u0131. Bug\u00fcne kadar 12 \u00e7ocuk oyunu, 5 gen\u00e7lik oyunu ve 3 yeti\u015fkin oyunu kaleme ald\u0131. Geleneksel T\u00fcrk Tiyatrosu'nun \u00f6nemli bir unsuru olan orta oyunlar\u0131n\u0131 d\u00fczenleyerek sahneye ta\u015f\u0131d\u0131. Ayr\u0131ca, 100'den fazla tiyatro oyununda g\u00f6rev alm\u0131\u015f ve bu oyunlar\u0131n 58'inde y\u00f6netmenlik yapm\u0131\u015ft\u0131r.\r\n    <br><br>\r\n    E\u011fitim alan\u0131ndaki birikimini de payla\u015farak, \u00e7e\u015fitli kolejler ve halk e\u011fitim merkezlerinde tiyatro ve drama \u00f6\u011fretmeni olarak g\u00f6rev alm\u0131\u015ft\u0131r. 2005 y\u0131l\u0131nda \"Tiyatro KALE\"yi kuran Kayhan Kaban, 2020 y\u0131l\u0131nda ise \"Tiyatro KALE Sanat Merkezi\"ni hayata ge\u00e7irdi. Halen Tiyatro KALE'nin genel sanat y\u00f6netmeni ve tiyatro e\u011fitmeni olarak g\u00f6rev yapmaktad\u0131r.\r\n  <\/div>\r\n  \r\n  <button type=\"button\" class=\"oku-buton\" onclick=\"var x = document.getElementById('biyo-kaban-yeni'); if (x.style.display === 'block') { x.style.display = 'none'; this.textContent = 'Devam\u0131n\u0131 Oku'; } else { x.style.display = 'block'; this.textContent = 'Kapat'; }\">Devam\u0131n\u0131 Oku<\/button>\r\n<\/div>\t\t\t\t<\/div>\n\t\t\t\t<\/div>\n\t\t<div class=\"elementor-element elementor-element-233a5f0 e-con-full e-flex e-con e-child\" data-id=\"233a5f0\" data-element_type=\"container\" data-e-type=\"container\">\n\t\t\t\t<div class=\"elementor-element elementor-element-c394c6d elementor-widget elementor-widget-html\" data-id=\"c394c6d\" data-element_type=\"widget\" data-e-type=\"widget\" data-widget_type=\"html.default\">\n\t\t\t\t\t<style>\r\n  .ekip-kart { text-align: center; font-family: 'Helvetica', 'Arial', sans-serif; line-height: 1.8; padding: 20px; background: #fff; }\r\n  .ekip-foto { width: 250px; height: 250px; border-radius: 50%; object-fit: cover; margin: 0 auto 20px auto; display: block; border: 1px solid #eee; }\r\n  .ekip-isim { font-size: 22px; font-weight: bold; margin-bottom: 5px; color: #222; }\r\n  .ekip-unvan { font-size: 16px; color: #666; margin-bottom: 20px; font-weight: 600; }\r\n  .biyo-ozet { font-size: 15px; color: #333; font-weight: 500; margin-bottom: 15px; text-align: center; }\r\n  .biyo-tamam { display: none; font-size: 14px; color: #555; margin-top: 15px; border-top: 1px solid #eee; padding-top: 15px; text-align: justify; }\r\n  .oku-buton { background: transparent; border: 2px solid #222; padding: 10px 30px; cursor: pointer; font-size: 13px; font-weight: bold; text-transform: uppercase; transition: 0.3s; margin-top: 10px; letter-spacing: 1px; }\r\n  .oku-buton:hover { background: #222; color: #fff; }\r\n<\/style>\r\n\r\n<div class=\"ekip-kart\">\r\n  <img decoding=\"async\" src=\"http:\/\/www.tiyatrokale.com\/wp-content\/uploads\/2026\/04\/Asiye-Topcu-fotograf2222.png\" class=\"ekip-foto\">\r\n\r\n  <div class=\"ekip-isim\">Asiye TOP\u00c7U<\/div>\r\n  <div class=\"ekip-unvan\">Genel M\u00fcd\u00fcr<\/div>\r\n\r\n  <div class=\"biyo-ozet\">\r\n    \u0130stanbul\u2019da d\u00fcnyaya gelen Asiye TOP\u00c7U, profesyonel kariyerine sa\u011fl\u0131k ve e\u011fitim sekt\u00f6rlerinde ba\u015flad\u0131. 2017 y\u0131l\u0131nda sanata olan derin ilgisiyle birlikte Tiyatro KALE ailesine kat\u0131ld\u0131.\r\n  <\/div>\r\n\r\n  <div id=\"biyo-asiye-yeni\" class=\"biyo-tamam\">\r\n    7 Ekim tarihinde \u0130stanbul'da do\u011fdu. E\u011fitim hayat\u0131n\u0131 \u0130stanbul\u2019da tamamlad\u0131ktan sonra, profesyonel kariyerine sa\u011fl\u0131k sekt\u00f6r\u00fcnde ad\u0131m att\u0131. G\u00f6ztepe SSK Hastanesi\u2019nde \u00e7e\u015fitli d\u00f6nemlerde toplamda 8 y\u0131l g\u00f6rev yapt\u0131 ve burada edindi\u011fi deneyimle i\u015f ya\u015fam\u0131nda de\u011ferli bir yer edindi.\r\n    <br><br>\r\n    2013 y\u0131l\u0131nda Almanya\u2019da bir y\u0131l s\u00fcren yurtd\u0131\u015f\u0131 deneyiminin ard\u0131ndan T\u00fcrkiye\u2019ye d\u00f6nd\u00fc. Ard\u0131ndan, Yeditepe \u00dcniversitesi\u2019nde 8 y\u0131l boyunca g\u00f6rev alarak e\u011fitim alan\u0131nda \u00f6nemli \u00e7al\u0131\u015fmalar ger\u00e7ekle\u015ftirdi. 2015 y\u0131l\u0131nda PTT\u2019de g\u00f6reve ba\u015flad\u0131.\r\n    <br><br>\r\n    2017 y\u0131l\u0131nda ise sanata olan ilgisi ve y\u00f6netim alan\u0131ndaki yetkinlikleri onu Tiyatro KALE ailesine ta\u015f\u0131d\u0131. Burada k\u0131sa s\u00fcrede kendini kan\u0131tlayarak, Tiyatro KALE Genel M\u00fcd\u00fcr\u00fc olarak g\u00f6reve ba\u015flad\u0131. Asiye Top\u00e7u, Tiyatro KALE\u2019nin kurumsal yap\u0131s\u0131n\u0131n g\u00fc\u00e7lendirilmesi ve sanatsal faaliyetlerin geni\u015f kitlelere ula\u015fmas\u0131 ad\u0131na \u00f6nemli projelere liderlik etmektedir. Sanat\u0131n bir e\u011fitim arac\u0131 olarak kullan\u0131lmas\u0131n\u0131 destekleyen bir vizyonla g\u00f6revine \u00f6zveriyle devam etmektedir.\r\n  <\/div>\r\n  \r\n  <button type=\"button\" class=\"oku-buton\" onclick=\"var x = document.getElementById('biyo-asiye-yeni'); if (x.style.display === 'block') { x.style.display = 'none'; this.textContent = 'Devam\u0131n\u0131 Oku'; } else { x.style.display = 'block'; this.textContent = 'Kapat'; }\">Devam\u0131n\u0131 Oku<\/button>\r\n<\/div>\t\t\t\t<\/div>\n\t\t\t\t<\/div>\n\t\t<div class=\"elementor-element elementor-element-4451190 e-con-full e-flex e-con e-child\" data-id=\"4451190\" data-element_type=\"container\" data-e-type=\"container\">\n\t\t\t\t<div class=\"elementor-element elementor-element-3ccf124 elementor-widget elementor-widget-html\" data-id=\"3ccf124\" data-element_type=\"widget\" data-e-type=\"widget\" data-widget_type=\"html.default\">\n\t\t\t\t\t<style>\r\n  .ekip-kart { text-align: center; font-family: 'Helvetica', 'Arial', sans-serif; line-height: 1.8; padding: 20px; background: #fff; }\r\n  .ekip-foto { width: 250px; height: 250px; border-radius: 50%; object-fit: cover; margin: 0 auto 20px auto; display: block; border: 1px solid #eee; }\r\n  .ekip-isim { font-size: 22px; font-weight: bold; margin-bottom: 5px; color: #222; }\r\n  .ekip-unvan { font-size: 16px; color: #666; margin-bottom: 20px; font-weight: 600; }\r\n  .biyo-ozet { font-size: 15px; color: #333; font-weight: 500; margin-bottom: 15px; text-align: center; }\r\n  .biyo-tamam { display: none; font-size: 14px; color: #555; margin-top: 15px; border-top: 1px solid #eee; padding-top: 15px; text-align: justify; }\r\n  .oku-buton { background: transparent; border: 2px solid #222; padding: 10px 30px; cursor: pointer; font-size: 13px; font-weight: bold; text-transform: uppercase; transition: 0.3s; margin-top: 10px; letter-spacing: 1px; }\r\n  .oku-buton:hover { background: #222; color: #fff; }\r\n<\/style>\r\n\r\n<div class=\"ekip-kart\">\r\n  <img decoding=\"async\" src=\"http:\/\/www.tiyatrokale.com\/wp-content\/uploads\/2026\/04\/Emre-SARI-2222-1.png\" class=\"ekip-foto\">\r\n\r\n  <div class=\"ekip-isim\">Emre SARI<\/div>\r\n  <div class=\"ekip-unvan\">Y\u00f6netmen Yard\u0131mc\u0131s\u0131<\/div>\r\n\r\n  <div class=\"biyo-ozet\">\r\n    1986 y\u0131l\u0131nda \u0130stanbul\u2019da d\u00fcnyaya gelen Emre SARI, tiyatroyla lise y\u0131llar\u0131nda tan\u0131\u015farak sanat yolculu\u011funa ilk ad\u0131m\u0131n\u0131 att\u0131. Halkla \u0130li\u015fkiler e\u011fitimini sahne sanatlar\u0131na olan tutkusuyla birle\u015ftirdi.\r\n  <\/div>\r\n\r\n  <div id=\"biyo-emre-final-yeni\" class=\"biyo-tamam\">\r\n    1986 y\u0131l\u0131nda \u0130stanbul\u2019da do\u011fdu. Trakya \u00dcniversitesi Halkla \u0130li\u015fkiler b\u00f6l\u00fcm\u00fcnden mezun olduktan sonra Edirne Belediye Tiyatrosu b\u00fcnyesinde profesyonel sanat hayat\u0131na ad\u0131m att\u0131. Altkat Sanat ve Mimdepo b\u00fcnyesinde oyunculuk, pantomim ve hareket e\u011fitimleri ald\u0131.\r\n    <br><br>\r\n    Kariyeri boyunca 30\u2019dan fazla tiyatro oyununda g\u00f6rev alan Sar\u0131, klasik eserlerden modern uyarlamalara kadar geni\u015f bir yelpazede roller \u00fcstlendi. Tiyatro birikimini kamera \u00f6n\u00fcne de ta\u015f\u0131yarak; Kurulu\u015f Osman, Te\u015fkilat, K\u0131z\u0131lc\u0131k \u015eerbeti ve Yal\u0131 \u00c7apk\u0131n\u0131 gibi pop\u00fcler projelerde yer ald\u0131. Profesyonel seslendirme ve dublaj \u00e7al\u0131\u015fmalar\u0131yla da \u00fcretim yapmaya devam etmektedir.\r\n    <br><br>\r\n    2025 y\u0131l\u0131nda Tiyatro KALE ekibine kat\u0131lan Emre Sar\u0131, kurum b\u00fcnyesinde y\u00f6netmen yard\u0131mc\u0131l\u0131\u011f\u0131 g\u00f6revini \u00fcstlenmi\u015ftir. Sahne tecr\u00fcbesini ve mutfaktaki disiplinini projelere aktaran Sar\u0131, halen kurumun oyuncu kadrosunda ve teknik y\u00f6netiminde aktif olarak g\u00f6revine devam etmektedir.\r\n  <\/div>\r\n  \r\n  <button type=\"button\" class=\"oku-buton\" onclick=\"var x = document.getElementById('biyo-emre-final-yeni'); if (x.style.display === 'block') { x.style.display = 'none'; this.textContent = 'Devam\u0131n\u0131 Oku'; } else { x.style.display = 'block'; this.textContent = 'Kapat'; }\">Devam\u0131n\u0131 Oku<\/button>\r\n<\/div>\t\t\t\t<\/div>\n\t\t\t\t<\/div>\n\t\t<div class=\"elementor-element elementor-element-b8469cd e-con-full e-flex e-con e-child\" data-id=\"b8469cd\" data-element_type=\"container\" data-e-type=\"container\">\n\t\t\t\t<div class=\"elementor-element elementor-element-0c16324 elementor-widget elementor-widget-html\" data-id=\"0c16324\" data-element_type=\"widget\" data-e-type=\"widget\" data-widget_type=\"html.default\">\n\t\t\t\t\t<style>\r\n  .ekip-kart { text-align: center; font-family: 'Helvetica', 'Arial', sans-serif; line-height: 1.8; padding: 20px; background: #fff; }\r\n  .ekip-foto { width: 250px; height: 250px; border-radius: 50%; object-fit: cover; margin: 0 auto 20px auto; display: block; border: 1px solid #eee; }\r\n  .ekip-isim { font-size: 22px; font-weight: bold; margin-bottom: 5px; color: #222; }\r\n  .ekip-unvan { font-size: 16px; color: #666; margin-bottom: 20px; font-weight: 600; }\r\n  .biyo-ozet { font-size: 15px; color: #333; font-weight: 500; margin-bottom: 15px; text-align: center; }\r\n  .biyo-tamam { display: none; font-size: 14px; color: #555; margin-top: 15px; border-top: 1px solid #eee; padding-top: 15px; text-align: justify; }\r\n  .oku-buton { background: transparent; border: 2px solid #222; padding: 10px 30px; cursor: pointer; font-size: 13px; font-weight: bold; text-transform: uppercase; transition: 0.3s; margin-top: 10px; letter-spacing: 1px; }\r\n  .oku-buton:hover { background: #222; color: #fff; }\r\n<\/style>\r\n\r\n<div class=\"ekip-kart\">\r\n  <img decoding=\"async\" src=\"http:\/\/www.tiyatrokale.com\/wp-content\/uploads\/2026\/04\/Nevin-Metin-2222.png\" class=\"ekip-foto\">\r\n\r\n  <div class=\"ekip-isim\">Nevin MET\u0130N YILMAZ<\/div>\r\n  <div class=\"ekip-unvan\">Y\u00f6netmen Yard\u0131mc\u0131s\u0131<\/div>\r\n\r\n  <div class=\"biyo-ozet\">\r\n    \u0130stanbul\u2019da d\u00fcnyaya gelen Nevin Metin, tiyatro yolculu\u011funa lise y\u0131llar\u0131nda Y\u0131ld\u0131z Kenter\u2019in Tiyatro At\u00f6lyesi\u2019nde ald\u0131\u011f\u0131 e\u011fitimle g\u00fc\u00e7l\u00fc bir ba\u015flang\u0131\u00e7 yapt\u0131. Profesyonel i\u015f ya\u015fam\u0131nda y\u00f6neticilik kariyerini s\u00fcrd\u00fcr\u00fcrken; halkla ili\u015fkiler, yazarl\u0131k ve sahne sanatlar\u0131n\u0131n pek \u00e7ok dal\u0131nda \u00fcretmeye devam etti.\r\n  <\/div>\r\n\r\n  <div id=\"biyo-nevin-final\" class=\"biyo-tamam\">\r\n    Sanat kariyeri boyunca deneysel ve kozmik tiyatro \u00fczerine derinlemesine \u00e7al\u0131\u015fmalar yapm\u0131\u015f; T\u00fcrkiye\u2019de ilk kez sahnelenen do\u011fa\u00e7lama deneysel oyunlarda g\u00f6rev alm\u0131\u015ft\u0131r. Levent K\u0131rca Tiyatrosu gibi k\u00f6kl\u00fc olu\u015fumlarda yer alarak beyazperdede \"\u00c7\u0131lg\u0131n Hem\u015fire\" karakterine hayat vermi\u015ftir.\r\n    <br><br>\r\n    <b>Eserleri:<\/b> Sessiz Gemi, T\u00fcrkler Titanik\u2019te, Romeo Juliette Mutlu Son, Ek\u015f\u0131n Dolu G\u00fcnler, Kambur, Sihirli Adres ve Azatron gibi pek \u00e7ok eseri kaleme alm\u0131\u015ft\u0131r. Y\u00f6netmen olarak Underground ve \u015eark Di\u015f\u00e7isi gibi \u00f6nemli yap\u0131mlara imza atm\u0131\u015ft\u0131r. H\u00e2len Tiyatro KALE kadrosunda oyuncu ve yazar olarak tecr\u00fcbesini sanat\u0131n g\u00fcc\u00fcn\u00fc yaymak ad\u0131na kullanmaktad\u0131r.\r\n  <\/div>\r\n  \r\n  <button type=\"button\" class=\"oku-buton\" onclick=\"var x = document.getElementById('biyo-nevin-final'); if (x.style.display === 'block') { x.style.display = 'none'; this.textContent = 'Devam\u0131n\u0131 Oku'; } else { x.style.display = 'block'; this.textContent = 'Kapat'; }\">Devam\u0131n\u0131 Oku<\/button>\r\n<\/div>\t\t\t\t<\/div>\n\t\t\t\t<\/div>\n\t\t\t\t\t<\/div>\n\t\t\t\t<\/div>\n\t\t<div class=\"elementor-element elementor-element-3a9ca05 e-flex e-con-boxed e-con e-parent\" data-id=\"3a9ca05\" data-element_type=\"container\" data-e-type=\"container\">\n\t\t\t\t\t<div class=\"e-con-inner\">\n\t\t\t\t\t<\/div>\n\t\t\t\t<\/div>\n\t\t<div class=\"elementor-element elementor-element-9cff0c0 e-flex e-con-boxed e-con e-parent\" data-id=\"9cff0c0\" data-element_type=\"container\" data-e-type=\"container\">\n\t\t\t\t\t<div class=\"e-con-inner\">\n\t\t\t\t<div class=\"elementor-element elementor-element-baba6c3 elementor-widget elementor-widget-heading\" data-id=\"baba6c3\" data-element_type=\"widget\" data-e-type=\"widget\" data-widget_type=\"heading.default\">\n\t\t\t\t\t<h2 class=\"elementor-heading-title elementor-size-default\">OYUNCULARIMIZ<\/h2>\t\t\t\t<\/div>\n\t\t\t\t\t<\/div>\n\t\t\t\t<\/div>\n\t\t<div class=\"elementor-element elementor-element-ecf13d0 e-flex e-con-boxed e-con e-parent\" data-id=\"ecf13d0\" data-element_type=\"container\" data-e-type=\"container\">\n\t\t\t\t\t<div class=\"e-con-inner\">\n\t\t<div class=\"elementor-element elementor-element-1a28de8 e-con-full e-flex e-con e-child\" data-id=\"1a28de8\" data-element_type=\"container\" data-e-type=\"container\">\n\t\t\t\t<div class=\"elementor-element elementor-element-d473f20 elementor-widget elementor-widget-html\" data-id=\"d473f20\" data-element_type=\"widget\" data-e-type=\"widget\" data-widget_type=\"html.default\">\n\t\t\t\t\t<style>\r\n  .ekip-kart { text-align: center; font-family: 'Helvetica', 'Arial', sans-serif; line-height: 1.8; padding: 20px; background: #fff; border: 1px solid #f0f0f0; border-radius: 10px; }\r\n  .ekip-foto { width: 250px; height: 250px; border-radius: 50%; object-fit: cover; margin: 0 auto 20px auto; display: block; border: 1px solid #eee; background-color: #f9f9f9; }\r\n  .ekip-isim { font-size: 22px; font-weight: bold; margin-bottom: 5px; color: #222; text-transform: uppercase; }\r\n  .ekip-unvan { font-size: 16px; color: #666; margin-bottom: 20px; font-weight: 600; }\r\n  .biyo-ozet { font-size: 15px; color: #333; font-weight: 500; margin-bottom: 15px; text-align: center; }\r\n  .biyo-tamam { display: none; font-size: 14px; color: #555; margin-top: 15px; border-top: 1px solid #eee; padding-top: 15px; text-align: justify; }\r\n  .oku-buton { background: transparent; border: 2px solid #222; padding: 10px 30px; cursor: pointer; font-size: 13px; font-weight: bold; text-transform: uppercase; transition: 0.3s; margin-top: 10px; letter-spacing: 1px; }\r\n  .oku-buton:hover { background: #222; color: #fff; }\r\n<\/style>\r\n\r\n<div class=\"ekip-kart\">\r\n  <img decoding=\"async\" src=\"https:\/\/via.placeholder.com\/250x250\/f2f2f2\/999999?text=FOTO+GELECEK\" class=\"ekip-foto\">\r\n\r\n  <div class=\"ekip-isim\">Tuba Ye\u015fim NEH\u0130R<\/div>\r\n  <div class=\"ekip-unvan\">Oyuncu ve E\u011fitmen<\/div>\r\n\r\n  <div class=\"biyo-ozet\">\r\n    \u0130stanbul \u00dcsk\u00fcdar do\u011fumlu olan Tuba Ye\u015fim Nehir, \u0130stanbul \u00dcniversitesi \u0130ngiliz Dili ve Edebiyat\u0131 mezunudur. Milli E\u011fitim Bakanl\u0131\u011f\u0131 b\u00fcnyesinde \u0130ngilizce \u00f6\u011fretmeni olarak g\u00f6rev yaparken, sanata olan tutkusunu profesyonel sahnelere ta\u015f\u0131m\u0131\u015ft\u0131r.\r\n  <\/div>\r\n\r\n  <div id=\"biyo-tuba-final\" class=\"biyo-tamam\">\r\n    2010 y\u0131l\u0131ndan bu yana sahne sanatlar\u0131na profesyonel olarak devam eden Nehir; Marika\u2019n\u0131n Alt\u0131nlar\u0131, Gemilerde Talim Var ve Kad\u0131nd\u0131r Ad\u0131m gibi 20\u2019den fazla farkl\u0131 oyunda \u00f6nemli karakterlere hayat vermi\u015ftir. \r\n    <br><br>\r\n    Sahne tecr\u00fcbesini kamera \u00f6n\u00fcne de ba\u015far\u0131yla ta\u015f\u0131yarak; Dirili\u015f Ertu\u011frul ve K\u0131z\u0131lc\u0131k \u015eerbeti gibi pop\u00fcler dizilerin yan\u0131 s\u0131ra Yumurta ve Babaanne gibi festival filmlerinde rol alm\u0131\u015ft\u0131r. Ayr\u0131ca \u00e7e\u015fitli kurumlarda profesyonel sunuculuk g\u00f6revlerini y\u00fcr\u00fctm\u00fc\u015ft\u00fcr.\r\n    <br><br>\r\n    2025 y\u0131l\u0131n\u0131n Kas\u0131m ay\u0131nda Tiyatro KALE ekibine kat\u0131lan Tuba Ye\u015fim Nehir, geni\u015f sahne tecr\u00fcbesini ve birikimini bu \u00e7at\u0131 alt\u0131nda sanatseverlerle bulu\u015fturmaktad\u0131r. Halen Tiyatro KALE kadrosunda oyuncu olarak g\u00f6revine devam etmektedir.\r\n  <\/div>\r\n  \r\n  <button type=\"button\" class=\"oku-buton\" onclick=\"var x = document.getElementById('biyo-tuba-final'); if (x.style.display === 'block') { x.style.display = 'none'; this.textContent = 'Devam\u0131n\u0131 Oku'; } else { x.style.display = 'block'; this.textContent = 'Kapat'; }\">Devam\u0131n\u0131 Oku<\/button>\r\n<\/div>\t\t\t\t<\/div>\n\t\t\t\t<\/div>\n\t\t<div class=\"elementor-element elementor-element-2af64ff e-con-full e-flex e-con e-child\" data-id=\"2af64ff\" data-element_type=\"container\" data-e-type=\"container\">\n\t\t\t\t<div class=\"elementor-element elementor-element-fc3f86e elementor-widget elementor-widget-html\" data-id=\"fc3f86e\" data-element_type=\"widget\" data-e-type=\"widget\" data-widget_type=\"html.default\">\n\t\t\t\t\t<div class=\"ekip-kart\">\r\n  <img decoding=\"async\" src=\"https:\/\/via.placeholder.com\/250x250\/f2f2f2\/999999?text=FOTO+GELECEK\" class=\"ekip-foto\">\r\n\r\n  <div class=\"ekip-isim\">\u00d6zlem DURAN<\/div>\r\n  <div class=\"ekip-unvan\">Yard\u0131mc\u0131 Y\u00f6netmen ve Oyuncu<\/div>\r\n\r\n  <div class=\"biyo-ozet\">\r\n    1971 \u0130stanbul do\u011fumlu olan \u00d6zlem Duran, \u0130stanbul \u00dcniversitesi T\u00fcrk Dili ve Edebiyat\u0131 mezunudur. M\u00fcjdat Gezen Sanat Merkezi\u2019nde ald\u0131\u011f\u0131 oyunculuk e\u011fitiminin ard\u0131ndan sanat yolculu\u011funa profesyonel sahnelerde devam etmi\u015ftir.\r\n  <\/div>\r\n\r\n  <div id=\"biyo-ozlem-final\" class=\"biyo-tamam\">\r\n    Sanat hayat\u0131na Tevfik Gelenbe Tiyatrosu'nda ad\u0131m atan Duran, kariyeri boyunca \u00e7e\u015fitli dizi ve reklam projelerinde g\u00f6rev alm\u0131\u015ft\u0131r. Sahne disiplini ile akademik birikimini birle\u015ftirerek tiyatronun mutfa\u011f\u0131nda da aktif rol \u00fcstlenmi\u015ftir.\r\n    <br><br>\r\n    2006 y\u0131l\u0131nda Tiyatro KALE Y\u00f6netim Kurulu'nda \u0130nsan Kaynaklar\u0131 Sorumlusu ve oyuncu olarak g\u00f6reve ba\u015flam\u0131\u015ft\u0131r. Kurumsal yap\u0131n\u0131n in\u015fas\u0131nda \u00f6nemli sorumluluklar \u00fcstlenen sanat\u00e7\u0131, 2009 y\u0131l\u0131nda Tiyatro KALE b\u00fcnyesinde Yard\u0131mc\u0131 Y\u00f6netmenlik g\u00f6revine getirilmi\u015ftir.\r\n    <br><br>\r\n    Halen Tiyatro KALE b\u00fcnyesinde hem sahne \u00f6n\u00fcnde oyuncu olarak hem de sahne arkas\u0131nda y\u00f6netmen yard\u0131mc\u0131s\u0131 olarak sanatsal \u00fcretimlerine ve g\u00f6revine ba\u015far\u0131yla devam etmektedir.\r\n  <\/div>\r\n  \r\n  <button type=\"button\" class=\"oku-buton\" onclick=\"var x = document.getElementById('biyo-ozlem-final'); if (x.style.display === 'block') { x.style.display = 'none'; this.textContent = 'Devam\u0131n\u0131 Oku'; } else { x.style.display = 'block'; this.textContent = 'Kapat'; }\">Devam\u0131n\u0131 Oku<\/button>\r\n<\/div>\t\t\t\t<\/div>\n\t\t\t\t<\/div>\n\t\t<div class=\"elementor-element elementor-element-6f410eb e-con-full e-flex e-con e-child\" data-id=\"6f410eb\" data-element_type=\"container\" data-e-type=\"container\">\n\t\t\t\t<div class=\"elementor-element elementor-element-96f028e elementor-widget elementor-widget-html\" data-id=\"96f028e\" data-element_type=\"widget\" data-e-type=\"widget\" data-widget_type=\"html.default\">\n\t\t\t\t\t<div class=\"ekip-kart\">\r\n  <img decoding=\"async\" src=\"https:\/\/via.placeholder.com\/250x250\/f2f2f2\/999999?text=FOTO+GELECEK\" class=\"ekip-foto\">\r\n\r\n  <div class=\"ekip-isim\">Ece Nur YILMAZ<\/div>\r\n  <div class=\"ekip-unvan\">Oyuncu<\/div>\r\n\r\n  <div class=\"biyo-ozet\">\r\n    2003 \u0130stanbul do\u011fumlu olan Ece Nur Y\u0131lmaz, Ni\u015fanta\u015f\u0131 \u00dcniversitesi Radyo, Televizyon ve Sinema b\u00f6l\u00fcm\u00fc son s\u0131n\u0131f \u00f6\u011frencisidir. Sanat yolculu\u011funa Bodrum ve \u0130stanbul'da ald\u0131\u011f\u0131 profesyonel e\u011fitimlerle y\u00f6n vermi\u015ftir.\r\n  <\/div>\r\n\r\n  <div id=\"biyo-ece-final\" class=\"biyo-tamam\">\r\n    Bodrum Deneme Sahnesi ve Kadar Tiyatro gibi topluluklarda reji asistanl\u0131\u011f\u0131 yaparak sahne arkas\u0131nda derin bir tecr\u00fcbe kazanan Y\u0131lmaz, sanatsal becerilerini \u0130smek drama ve uygulamal\u0131 tiyatro e\u011fitimleriyle g\u00fc\u00e7lendirmi\u015ftir.\r\n    <br><br>\r\n    Aykut Temel Meisner S\u0131n\u0131f\u0131 ve Ni\u015fanta\u015f\u0131 Sanat Akademisi'nde oyunculuk teknikleri \u00fczerine uzmanla\u015fan gen\u00e7 sanat\u00e7\u0131, kariyerinin ilk y\u0131llar\u0131nda \u00e7e\u015fitli \u00e7ocuk oyunlar\u0131nda sahne alarak performans yeteneklerini sergilemi\u015ftir.\r\n    <br><br>\r\n    2024 y\u0131l\u0131nda Tiyatro KALE\u2019nin oyuncu kadrosuna kat\u0131lan Ece Nur Y\u0131lmaz, halen kurum b\u00fcnyesinde etkileyici performanslar\u0131yla sanatsal yolculu\u011funu kararl\u0131l\u0131kla s\u00fcrd\u00fcrmektedir.\r\n  <\/div>\r\n  \r\n  <button type=\"button\" class=\"oku-buton\" onclick=\"var x = document.getElementById('biyo-ece-final'); if (x.style.display === 'block') { x.style.display = 'none'; this.textContent = 'Devam\u0131n\u0131 Oku'; } else { x.style.display = 'block'; this.textContent = 'Kapat'; }\">Devam\u0131n\u0131 Oku<\/button>\r\n<\/div>\t\t\t\t<\/div>\n\t\t\t\t<\/div>\n\t\t<div class=\"elementor-element elementor-element-9a4266c e-con-full e-flex e-con e-child\" data-id=\"9a4266c\" data-element_type=\"container\" data-e-type=\"container\">\n\t\t\t\t<div class=\"elementor-element elementor-element-d165b12 elementor-widget elementor-widget-html\" data-id=\"d165b12\" data-element_type=\"widget\" data-e-type=\"widget\" data-widget_type=\"html.default\">\n\t\t\t\t\t<div class=\"ekip-kart\">\r\n  <img decoding=\"async\" src=\"https:\/\/via.placeholder.com\/250x250\/f2f2f2\/999999?text=FOTO+GELECEK\" class=\"ekip-foto\">\r\n\r\n  <div class=\"ekip-isim\">\u0130rem G\u00dcNE\u015e<\/div>\r\n  <div class=\"ekip-unvan\">Oyuncu<\/div>\r\n\r\n  <div class=\"biyo-ozet\">\r\n    2002 Mersin do\u011fumlu olan \u0130rem G\u00fcne\u015f, Sadri Al\u0131\u015f\u0131k K\u00fclt\u00fcr Merkezi'nde ald\u0131\u011f\u0131 oyunculuk e\u011fitimini Ni\u015fanta\u015f\u0131 \u00dcniversitesi Radyo, Televizyon ve Sinema b\u00f6l\u00fcm\u00fcndeki akademik birikimiyle birle\u015ftirmektedir.\r\n  <\/div>\r\n\r\n  <div id=\"biyo-irem-final\" class=\"biyo-tamam\">\r\n    Tiyatro yolculu\u011funa Mersin Toroslar ve Yeni\u015fehir Belediyeleri b\u00fcnyesinde ald\u0131\u011f\u0131 e\u011fitimlerle ba\u015flayan G\u00fcne\u015f, sahne disiplinini erken ya\u015flarda kazanm\u0131\u015ft\u0131r. Kamera \u00f6n\u00fc tecr\u00fcbesini ise \"Bir Shakespeare\" adl\u0131 \u00f6d\u00fcll\u00fc k\u0131sa film ve \"Freud A\u011flad\u0131\u011f\u0131nda\" gibi yap\u0131mlarla peki\u015ftirmi\u015ftir.\r\n    <br><br>\r\n    Sanatsal aray\u0131\u015f\u0131n\u0131 \u0130stanbul\u2019a ta\u015f\u0131yarak profesyonel e\u011fitimlerine devam eden gen\u00e7 sanat\u00e7\u0131, performans yeteneklerini hem klasik hem de modern projelerde sergileme ba\u015far\u0131s\u0131 g\u00f6stermi\u015ftir.\r\n    <br><br>\r\n    2024 y\u0131l\u0131nda Tiyatro KALE\u2019nin oyuncu kadrosuna kat\u0131lan \u0130rem G\u00fcne\u015f, halen kurum b\u00fcnyesinde g\u00fc\u00e7l\u00fc performanslar\u0131yla sahne almakta ve Tiyatro KALE\u2019nin sanatsal vizyonuna katk\u0131 sa\u011flamaya devam etmektedir.\r\n  <\/div>\r\n  \r\n  <button type=\"button\" class=\"oku-buton\" onclick=\"var x = document.getElementById('biyo-irem-final'); if (x.style.display === 'block') { x.style.display = 'none'; this.textContent = 'Devam\u0131n\u0131 Oku'; } else { x.style.display = 'block'; this.textContent = 'Kapat'; }\">Devam\u0131n\u0131 Oku<\/button>\r\n<\/div>\t\t\t\t<\/div>\n\t\t\t\t<\/div>\n\t\t\t\t\t<\/div>\n\t\t\t\t<\/div>\n\t\t<div class=\"elementor-element elementor-element-e650312 e-flex e-con-boxed e-con e-parent\" data-id=\"e650312\" data-element_type=\"container\" data-e-type=\"container\">\n\t\t\t\t\t<div class=\"e-con-inner\">\n\t\t<div class=\"elementor-element elementor-element-71a3a27 e-con-full e-flex e-con e-child\" data-id=\"71a3a27\" data-element_type=\"container\" data-e-type=\"container\">\n\t\t\t\t<div class=\"elementor-element elementor-element-120df3b elementor-widget elementor-widget-html\" data-id=\"120df3b\" data-element_type=\"widget\" data-e-type=\"widget\" data-widget_type=\"html.default\">\n\t\t\t\t\t<div class=\"ekip-kart\">\r\n  <img decoding=\"async\" src=\"https:\/\/via.placeholder.com\/250x250\/f2f2f2\/999999?text=FOTO+GELECEK\" class=\"ekip-foto\">\r\n\r\n  <div class=\"ekip-isim\">Mutlu AK\u00c7AY<\/div>\r\n  <div class=\"ekip-unvan\">Oyuncu ve Yazar<\/div>\r\n\r\n  <div class=\"biyo-ozet\">\r\n    1980 U\u015fak do\u011fumlu olan Mutlu Ak\u00e7ay, Dokuz Eyl\u00fcl \u00dcniversitesi mezunu bir e\u011fitimcidir. Kariyerini tiyatro ile birle\u015ftirerek 2009 y\u0131l\u0131ndan bu yana hem oyuncu hem de oyun yazar\u0131 olarak sanat d\u00fcnyas\u0131nda yer almaktad\u0131r.\r\n  <\/div>\r\n\r\n  <div id=\"biyo-mutlu-final\" class=\"biyo-tamam\">\r\n    U\u015fak Anadolu \u00d6\u011fretmen Lisesi ve Dokuz Eyl\u00fcl \u00dcniversitesi Buca E\u011fitim Fak\u00fcltesi'ndeki e\u011fitimlerinin ard\u0131ndan y\u00fcksek lisans\u0131n\u0131 tamamlayan Ak\u00e7ay, T\u00fcrkiye'nin farkl\u0131 illerinde \u00f6\u011fretmenlik g\u00f6revini s\u00fcrd\u00fcr\u00fcrken tiyatroya olan tutkusunu profesyonel sahnelere ta\u015f\u0131m\u0131\u015ft\u0131r.\r\n    <br><br>\r\n    Yazd\u0131\u011f\u0131 3 tiyatro oyunuyla yazarl\u0131k kimli\u011fini de kan\u0131tlayan sanat\u00e7\u0131; Rumuz Goncag\u00fcl, H\u0131rs\u0131z, Harmanyeri 1915 ve Deveku\u015fu Kabare'nin A\u015fk Olsun gibi pek \u00e7ok \u00f6nemli yap\u0131mda rol alm\u0131\u015ft\u0131r. Ayr\u0131ca \"Ali-Cengiz\" adl\u0131 oyunu bizzat yaz\u0131p y\u00f6neterek sahnelemi\u015ftir.\r\n    <br><br>\r\n    2024 y\u0131l\u0131nda Tiyatro KALE\u2019nin oyuncu kadrosuna kat\u0131lan Mutlu Ak\u00e7ay, sahne \u00fczerindeki g\u00fc\u00e7l\u00fc performanslar\u0131 ve zengin tiyatro birikimiyle halen kurum b\u00fcnyesinde sanatsal \u00e7al\u0131\u015fmalar\u0131na ba\u015far\u0131yla devam etmektedir.\r\n  <\/div>\r\n  \r\n  <button type=\"button\" class=\"oku-buton\" onclick=\"var x = document.getElementById('biyo-mutlu-final'); if (x.style.display === 'block') { x.style.display = 'none'; this.textContent = 'Devam\u0131n\u0131 Oku'; } else { x.style.display = 'block'; this.textContent = 'Kapat'; }\">Devam\u0131n\u0131 Oku<\/button>\r\n<\/div>\t\t\t\t<\/div>\n\t\t\t\t<\/div>\n\t\t<div class=\"elementor-element elementor-element-392fbf5 e-con-full e-flex e-con e-child\" data-id=\"392fbf5\" data-element_type=\"container\" data-e-type=\"container\">\n\t\t\t\t<div class=\"elementor-element elementor-element-feb1b01 elementor-widget elementor-widget-html\" data-id=\"feb1b01\" data-element_type=\"widget\" data-e-type=\"widget\" data-widget_type=\"html.default\">\n\t\t\t\t\t<div class=\"ekip-kart\">\r\n  <img decoding=\"async\" src=\"https:\/\/via.placeholder.com\/250x250\/f2f2f2\/999999?text=FOTO+GELECEK\" class=\"ekip-foto\">\r\n\r\n  <div class=\"ekip-isim\">Arzu BUDAK<\/div>\r\n  <div class=\"ekip-unvan\">Oyuncu ve Sunucu<\/div>\r\n\r\n  <div class=\"biyo-ozet\">\r\n    1977 Almanya do\u011fumlu olan Arzu Budak, Ege \u00dcniversitesi mezunudur. 1995 Miss Globe T\u00fcrkiye 3.s\u00fc olan sanat\u00e7\u0131, uzun y\u0131llar s\u00fcrd\u00fcrd\u00fc\u011f\u00fc ba\u015far\u0131l\u0131 sunuculuk ve oyunculuk kariyerini 2019'dan bu yana Tiyatro KALE b\u00fcnyesinde s\u00fcrd\u00fcrmektedir.\r\n  <\/div>\r\n\r\n  <div id=\"biyo-arzu-final\" class=\"biyo-tamam\">\r\n    G\u00fczellik yar\u0131\u015fmalar\u0131ndaki ba\u015far\u0131lar\u0131n\u0131n ard\u0131ndan T\u00fcrkiye'yi uluslararas\u0131 arenada temsil eden Budak; Star TV, Kanal 6 ve Ege TV gibi kanallarda magazin ve akt\u00fcalite programlar\u0131 sunmu\u015ftur. \r\n    <br><br>\r\n    Oyunculuk kariyerinde; Avrupa Yakas\u0131, Yabanc\u0131 Damat, Hayat Bilgisi, Cennet Mahallesi ve Arka Sokaklar gibi T\u00fcrk televizyon tarihinin en pop\u00fcler projelerinde rol alm\u0131\u015ft\u0131r. Sinemada ise Vali, A\u015fkopat ve Deccal 2 gibi yap\u0131mlarda performans sergilemi\u015ftir.\r\n    <br><br>\r\n    2019 y\u0131l\u0131nda Tiyatro KALE\u2019nin oyuncu kadrosuna kat\u0131lan Arzu Budak, geni\u015f ekran tecr\u00fcbesini sahne disipliniyle birle\u015ftirerek halen kurum b\u00fcnyesinde sanatsal \u00e7al\u0131\u015fmalar\u0131na ba\u015far\u0131yla devam etmektedir.\r\n  <\/div>\r\n  \r\n  <button type=\"button\" class=\"oku-buton\" onclick=\"var x = document.getElementById('biyo-arzu-final'); if (x.style.display === 'block') { x.style.display = 'none'; this.textContent = 'Devam\u0131n\u0131 Oku'; } else { x.style.display = 'block'; this.textContent = 'Kapat'; }\">Devam\u0131n\u0131 Oku<\/button>\r\n<\/div>\t\t\t\t<\/div>\n\t\t\t\t<\/div>\n\t\t<div class=\"elementor-element elementor-element-f37ca85 e-con-full e-flex e-con e-child\" data-id=\"f37ca85\" data-element_type=\"container\" data-e-type=\"container\">\n\t\t\t\t<div class=\"elementor-element elementor-element-1715ac0 elementor-widget elementor-widget-html\" data-id=\"1715ac0\" data-element_type=\"widget\" data-e-type=\"widget\" data-widget_type=\"html.default\">\n\t\t\t\t\t<div class=\"ekip-kart\">\r\n  <img decoding=\"async\" src=\"https:\/\/via.placeholder.com\/250x250\/f2f2f2\/999999?text=FOTO+GELECEK\" class=\"ekip-foto\">\r\n\r\n  <div class=\"ekip-isim\">G\u00fcrcan YAVUZ<\/div>\r\n  <div class=\"ekip-unvan\">Oyuncu ve E\u011fitmen<\/div>\r\n\r\n  <div class=\"biyo-ozet\">\r\n    1981 do\u011fumlu olan G\u00fcrcan Yavuz, Sadri Al\u0131\u015f\u0131k K\u00fclt\u00fcr Merkezi Oyunculuk Akademisi mezunudur. Kariyeri boyunca Payitaht, Arka Sokaklar ve G\u00fclperi gibi pek \u00e7ok pop\u00fcler televizyon projesinde yer alm\u0131\u015ft\u0131r.\r\n  <\/div>\r\n\r\n  <div id=\"biyo-gurcan-final\" class=\"biyo-tamam\">\r\n    Akademik e\u011fitimini sahne tecr\u00fcbesiyle birle\u015ftiren Yavuz; Payitaht Abd\u00fclhamid, Arka Sokaklar, Karde\u015f \u00c7ocuklar\u0131, G\u00fclperi, 4N1K ve \u0130kizler Memo Can gibi geni\u015f kitlelere hitap eden dizilerde \u00f6nemli performanslar sergilemi\u015ftir.\r\n    <br><br>\r\n    Sanat disiplinini gelecek nesillere aktarmay\u0131 ilke edinen sanat\u00e7\u0131, \u00dcsk\u00fcdar Fikir Sanat Merkezi b\u00fcnyesinde oyuncu e\u011fitmenli\u011fi g\u00f6revini de ba\u015far\u0131yla y\u00fcr\u00fctmektedir.\r\n    <br><br>\r\n    2020 y\u0131l\u0131nda Tiyatro KALE oyuncu kadrosuna dahil olan G\u00fcrcan Yavuz, halen kurumun sanatsal projelerinde oyuncu olarak yer alarak tiyatronun g\u00fcc\u00fcn\u00fc izleyicilerle bulu\u015fturmaya devam etmektedir.\r\n  <\/div>\r\n  \r\n  <button type=\"button\" class=\"oku-buton\" onclick=\"var x = document.getElementById('biyo-gurcan-final'); if (x.style.display === 'block') { x.style.display = 'none'; this.textContent = 'Devam\u0131n\u0131 Oku'; } else { x.style.display = 'block'; this.textContent = 'Kapat'; }\">Devam\u0131n\u0131 Oku<\/button>\r\n<\/div>\t\t\t\t<\/div>\n\t\t\t\t<\/div>\n\t\t<div class=\"elementor-element elementor-element-0c6d88a e-con-full e-flex e-con e-child\" data-id=\"0c6d88a\" data-element_type=\"container\" data-e-type=\"container\">\n\t\t\t\t<div class=\"elementor-element elementor-element-8f6b2ec elementor-widget elementor-widget-html\" data-id=\"8f6b2ec\" data-element_type=\"widget\" data-e-type=\"widget\" data-widget_type=\"html.default\">\n\t\t\t\t\t<div class=\"ekip-kart\">\r\n  <img decoding=\"async\" src=\"https:\/\/via.placeholder.com\/250x250\/f2f2f2\/999999?text=FOTO+GELECEK\" class=\"ekip-foto\">\r\n\r\n  <div class=\"ekip-isim\">Canan TOP\u00c7U<\/div>\r\n  <div class=\"ekip-unvan\">Oyuncu<\/div>\r\n\r\n  <div class=\"biyo-ozet\">\r\n    1971 \u0130stanbul do\u011fumlu olan Canan Top\u00e7u, Eski\u015fehir \u00dcniversitesi \u0130ktisat b\u00f6l\u00fcm\u00fc mezunudur. Sanat yolculu\u011funa Y\u0131ld\u0131z Kenter'den ald\u0131\u011f\u0131 diksiyon e\u011fitimleriyle ba\u015flay\u0131p Ba\u015fkent \u0130leti\u015fim Akademisi'nde profesyonelle\u015fmi\u015ftir.\r\n  <\/div>\r\n\r\n  <div id=\"biyo-canan-final\" class=\"biyo-tamam\">\r\n    Kariyeri boyunca pek \u00e7ok prestijli reklam projesinde yer alan Top\u00e7u; Turkcell, Opel, Ki\u011f\u0131l\u0131 ve Finansbank gibi markalar\u0131n ekran y\u00fcz\u00fc olmu\u015ftur. \"\u0130stanbul'u Boyayal\u0131m\" projesiyle sanat\u0131 toplumsal faydayla bulu\u015fturmu\u015ftur.\r\n    <br><br>\r\n    Televizyon d\u00fcnyas\u0131nda \"Kaderimin Yaz\u0131ld\u0131\u011f\u0131 G\u00fcn\" dizisindeki Emine karakteri ve \"Hayat Mucizelere Gebe\" program\u0131ndaki Ay\u00e7a karakteriyle geni\u015f kitlelerce tan\u0131nm\u0131\u015ft\u0131r. Sahne disiplini ve ekran tecr\u00fcbesini ba\u015far\u0131yla harmanlam\u0131\u015ft\u0131r.\r\n    <br><br>\r\n    2019 y\u0131l\u0131nda Tiyatro KALE oyuncu kadrosuna dahil olan Canan Top\u00e7u, halen kurum b\u00fcnyesinde sanatsal \u00e7al\u0131\u015fmalar\u0131na ve performanslar\u0131na aktif olarak devam etmektedir.\r\n  <\/div>\r\n  \r\n  <button type=\"button\" class=\"oku-buton\" onclick=\"var x = document.getElementById('biyo-canan-final'); if (x.style.display === 'block') { x.style.display = 'none'; this.textContent = 'Devam\u0131n\u0131 Oku'; } else { x.style.display = 'block'; this.textContent = 'Kapat'; }\">Devam\u0131n\u0131 Oku<\/button>\r\n<\/div>\t\t\t\t<\/div>\n\t\t\t\t<\/div>\n\t\t\t\t\t<\/div>\n\t\t\t\t<\/div>\n\t\t<div class=\"elementor-element elementor-element-e685d08 e-flex e-con-boxed e-con e-parent\" data-id=\"e685d08\" data-element_type=\"container\" data-e-type=\"container\">\n\t\t\t\t\t<div class=\"e-con-inner\">\n\t\t<div class=\"elementor-element elementor-element-27b174a e-con-full e-flex e-con e-child\" data-id=\"27b174a\" data-element_type=\"container\" data-e-type=\"container\">\n\t\t\t\t<div class=\"elementor-element elementor-element-aa3ade2 elementor-widget elementor-widget-html\" data-id=\"aa3ade2\" data-element_type=\"widget\" data-e-type=\"widget\" data-widget_type=\"html.default\">\n\t\t\t\t\t<div class=\"ekip-kart\">\r\n  <img decoding=\"async\" src=\"https:\/\/via.placeholder.com\/250x250\/f2f2f2\/999999?text=FOTO+GELECEK\" class=\"ekip-foto\">\r\n\r\n  <div class=\"ekip-isim\">G\u00dcNE\u015e B\u0130L\u0130R<\/div>\r\n  <div class=\"ekip-unvan\">Oyuncu<\/div>\r\n\r\n  <div class=\"biyo-ozet\">\r\n    1987 do\u011fumlu olan G\u00fcne\u015f Bilir, Sadri Al\u0131\u015f\u0131k K\u00fclt\u00fcr Merkezi ve ESEV b\u00fcnyesinde ald\u0131\u011f\u0131 profesyonel e\u011fitimlerle sanat hayat\u0131na ad\u0131m atm\u0131\u015ft\u0131r. Sinema ve tiyatro projelerinin yan\u0131 s\u0131ra televizyonda yard\u0131mc\u0131 y\u00f6netmenlik tecr\u00fcbesine de sahiptir.\r\n  <\/div>\r\n\r\n  <div id=\"biyo-gunes-kadin-final\" class=\"biyo-tamam\">\r\n    E\u011fitimini 2010-2014 y\u0131llar\u0131 aras\u0131nda Sadri Al\u0131\u015f\u0131k K\u00fclt\u00fcr Merkezi'nde tamamlayan Bilir, sinema d\u00fcnyas\u0131nda; Ye\u015fil Kazak, Me\u00e7hul, Hadi Ya ve Propaganda 2 gibi yap\u0131mlarda rol alm\u0131\u015ft\u0131r. Tiyatroda ise Falc\u0131lar Soka\u011f\u0131, Nark Operasyonu ve Pembe Asl\u0131nda Siyaht\u0131r gibi pek \u00e7ok \u00f6nemli oyunda performans sergilemi\u015ftir.\r\n    <br><br>\r\n    Sahne \u00f6n\u00fcndeki ba\u015far\u0131s\u0131n\u0131 kamera arkas\u0131na da ta\u015f\u0131yarak Kanalt\u00fcrk b\u00fcnyesindeki \"Tipsizler\" ske\u00e7 program\u0131nda yard\u0131mc\u0131 y\u00f6netmenlik g\u00f6revini \u00fcstlenmi\u015ftir. Hem teknik hem de sanatsal bak\u0131\u015f a\u00e7\u0131s\u0131n\u0131 projelerine ba\u015far\u0131yla yans\u0131tan sanat\u00e7\u0131, \u00e7ok y\u00f6nl\u00fc \u00fcretimlerine devam etmektedir.\r\n    <br><br>\r\n    2019 y\u0131l\u0131nda Tiyatro KALE Sanat Merkezi oyuncu kadrosuna dahil olan G\u00fcne\u015f Bilir, halen kurum b\u00fcnyesinde sanatsal \u00e7al\u0131\u015fmalar\u0131na ve sahne performanslar\u0131na aktif olarak devam etmektedir.\r\n  <\/div>\r\n  \r\n  <button type=\"button\" class=\"oku-buton\" onclick=\"var x = document.getElementById('biyo-gunes-kadin-final'); if (x.style.display === 'block') { x.style.display = 'none'; this.textContent = 'Devam\u0131n\u0131 Oku'; } else { x.style.display = 'block'; this.textContent = 'Kapat'; }\">Devam\u0131n\u0131 Oku<\/button>\r\n<\/div>\t\t\t\t<\/div>\n\t\t\t\t<\/div>\n\t\t<div class=\"elementor-element elementor-element-e126994 e-con-full e-flex e-con e-child\" data-id=\"e126994\" data-element_type=\"container\" data-e-type=\"container\">\n\t\t\t\t<div class=\"elementor-element elementor-element-7c1df39 elementor-widget elementor-widget-html\" data-id=\"7c1df39\" data-element_type=\"widget\" data-e-type=\"widget\" data-widget_type=\"html.default\">\n\t\t\t\t\t<div class=\"ekip-kart\">\r\n  <img decoding=\"async\" src=\"https:\/\/via.placeholder.com\/250x250\/f2f2f2\/999999?text=FOTO+GELECEK\" class=\"ekip-foto\">\r\n\r\n  <div class=\"ekip-isim\">Paola VAN<\/div>\r\n  <div class=\"ekip-unvan\">Oyuncu<\/div>\r\n\r\n  <div class=\"biyo-ozet\">\r\n    1997 \u0130stanbul do\u011fumlu olan Paola Van, Bilgi \u00dcniversitesi Performans Sanatlar\u0131 e\u011fitimi alm\u0131\u015ft\u0131r. \"Gelece\u011fin Star\u0131\" yar\u0131\u015fmas\u0131ndaki ba\u015far\u0131s\u0131n\u0131n ard\u0131ndan profesyonel sahne kariyerine ad\u0131m atan sanat\u00e7\u0131, geni\u015f bir performans yelpazesine sahiptir.\r\n  <\/div>\r\n\r\n  <div id=\"biyo-paola-final\" class=\"biyo-tamam\">\r\n    Drama e\u011fitimlerine Kemal Oru\u00e7 \u00f6nderli\u011finde ba\u015flayan Van, lise ve \u00fcniversite y\u0131llar\u0131nda Romeo ve Juliet gibi klasiklerde rol alm\u0131\u015ft\u0131r. Beste Bereket'ten ald\u0131\u011f\u0131 oyunculuk e\u011fitiminin ard\u0131ndan Star TV'de yay\u0131nlanan Gelece\u011fin Star\u0131 yar\u0131\u015fmas\u0131nda dikkatleri \u00fczerine \u00e7ekmi\u015ftir.\r\n    <br><br>\r\n    Kariyeri boyunca Ku\u015flar G\u00f6\u00e7 Edince ve Bay \u015e\u0131ng\u0131rm\u0131ng\u0131r gibi oyunlarda sahne alan sanat\u00e7\u0131, Oda Tiyatrosu ve Dadans performans grubunda aktif roller \u00fcstlenmi\u015ftir. \u00d6zellikle Metin Zako\u011flu ile birlikte sahneledi\u011fi iki ki\u015filik \"Ya\u015far Ne Ya\u015far Ne Ya\u015famaz\" oyunuyla sahne hakimiyetini kan\u0131tlam\u0131\u015ft\u0131r.\r\n    <br><br>\r\n    2020 y\u0131l\u0131nda Tiyatro KALE oyuncu kadrosuna dahil olan Paola Van, drama e\u011fitmenli\u011fi sertifikas\u0131 ve zengin sahne birikimiyle halen kurum b\u00fcnyesinde sanatsal \u00e7al\u0131\u015fmalar\u0131na ba\u015far\u0131yla devam etmektedir.\r\n  <\/div>\r\n  \r\n  <button type=\"button\" class=\"oku-buton\" onclick=\"var x = document.getElementById('biyo-paola-final'); if (x.style.display === 'block') { x.style.display = 'none'; this.textContent = 'Devam\u0131n\u0131 Oku'; } else { x.style.display = 'block'; this.textContent = 'Kapat'; }\">Devam\u0131n\u0131 Oku<\/button>\r\n<\/div>\t\t\t\t<\/div>\n\t\t\t\t<\/div>\n\t\t<div class=\"elementor-element elementor-element-d9dfc24 e-con-full e-flex e-con e-child\" data-id=\"d9dfc24\" data-element_type=\"container\" data-e-type=\"container\">\n\t\t\t\t<div class=\"elementor-element elementor-element-76df0de elementor-widget elementor-widget-html\" data-id=\"76df0de\" data-element_type=\"widget\" data-e-type=\"widget\" data-widget_type=\"html.default\">\n\t\t\t\t\t<div class=\"ekip-kart\">\r\n  <img decoding=\"async\" src=\"https:\/\/via.placeholder.com\/250x250\/f2f2f2\/999999?text=FOTO+GELECEK\" class=\"ekip-foto\">\r\n\r\n  <div class=\"ekip-isim\">Sezen ENG\u0130Z<\/div>\r\n  <div class=\"ekip-unvan\">Oyuncu<\/div>\r\n\r\n  <div class=\"biyo-ozet\">\r\n    1987 \u0130stanbul do\u011fumlu olan Sezen Engiz, \u0130stanbul \u00dcniversitesi Sosyoloji b\u00f6l\u00fcm\u00fc mezunudur. Sanat hayat\u0131na 2005 y\u0131l\u0131nda Tiyatro KALE \u00e7at\u0131s\u0131 alt\u0131nda ad\u0131m atan sanat\u00e7\u0131, k\u00f6kl\u00fc sahne disipliniyle tan\u0131nmaktad\u0131r.\r\n  <\/div>\r\n\r\n  <div id=\"biyo-sezen-final\" class=\"biyo-tamam\">\r\n    Akademik e\u011fitimini sosyoloji alan\u0131nda tamamlayan Engiz, toplumsal g\u00f6zlem yetene\u011fini sahne sanatlar\u0131yla birle\u015ftirerek karakter yarat\u0131m s\u00fcre\u00e7lerinde fark yaratmaktad\u0131r. 2005 y\u0131l\u0131nda Tiyatro KALE b\u00fcnyesinde ald\u0131\u011f\u0131 profesyonel oyunculuk ve diksiyon e\u011fitimleriyle temelini sa\u011flam atm\u0131\u015ft\u0131r.\r\n    <br><br>\r\n    Kurumun en deneyimli isimlerinden biri olan sanat\u00e7\u0131, kariyerinin ba\u015flang\u0131c\u0131ndan bu yana Tiyatro KALE'nin sanatsal kimli\u011fine ve vizyonuna \u00f6nemli katk\u0131lar sunmu\u015ftur. Klasik ve modern pek \u00e7ok eserde sergiledi\u011fi performanslarla izleyicinin be\u011fenisini kazanm\u0131\u015ft\u0131r.\r\n    <br><br>\r\n    Halen Tiyatro KALE b\u00fcnyesinde oyuncu olarak g\u00f6revine devam eden Sezen Engiz, sahne tecr\u00fcbesini her yeni projede daha da zenginle\u015ftirerek sanatsal yolculu\u011funu b\u00fcy\u00fck bir tutkuyla s\u00fcrd\u00fcrmektedir.\r\n  <\/div>\r\n  \r\n  <button type=\"button\" class=\"oku-buton\" onclick=\"var x = document.getElementById('biyo-sezen-final'); if (x.style.display === 'block') { x.style.display = 'none'; this.textContent = 'Devam\u0131n\u0131 Oku'; } else { x.style.display = 'block'; this.textContent = 'Kapat'; }\">Devam\u0131n\u0131 Oku<\/button>\r\n<\/div>\t\t\t\t<\/div>\n\t\t\t\t<\/div>\n\t\t<div class=\"elementor-element elementor-element-8c6a131 e-con-full e-flex e-con e-child\" data-id=\"8c6a131\" data-element_type=\"container\" data-e-type=\"container\">\n\t\t\t\t<div class=\"elementor-element elementor-element-18dc57a elementor-widget elementor-widget-html\" data-id=\"18dc57a\" data-element_type=\"widget\" data-e-type=\"widget\" data-widget_type=\"html.default\">\n\t\t\t\t\t<div class=\"ekip-kart\">\r\n  <img decoding=\"async\" src=\"https:\/\/via.placeholder.com\/250x250\/f2f2f2\/999999?text=FOTO+GELECEK\" class=\"ekip-foto\">\r\n\r\n  <div class=\"ekip-isim\">\u00dcmit YILDIRIM<\/div>\r\n  <div class=\"ekip-unvan\">Oyuncu<\/div>\r\n\r\n  <div class=\"biyo-ozet\">\r\n    1985 \u0130stanbul do\u011fumlu olan \u00dcmit Y\u0131ld\u0131r\u0131m, Sel\u00e7uk \u00dcniversitesi \u0130\u015fletme mezunudur. Sanat yolculu\u011funa Tiyatro K\u0131l\u00e7\u0131k b\u00fcnyesinde ald\u0131\u011f\u0131 oyunculuk e\u011fitimleriyle profesyonel bir boyut kazand\u0131rm\u0131\u015ft\u0131r.\r\n  <\/div>\r\n\r\n  <div id=\"biyo-umit-final\" class=\"biyo-tamam\">\r\n    2004-2008 y\u0131llar\u0131 aras\u0131ndaki akademik e\u011fitiminin ard\u0131ndan tutkusu olan sahne sanatlar\u0131na y\u00f6nelen Y\u0131ld\u0131r\u0131m, 2009-2011 y\u0131llar\u0131 aras\u0131nda Tiyatro K\u0131l\u00e7\u0131k ekol\u00fcnde oyunculuk disiplini kazanm\u0131\u015ft\u0131r.\r\n    <br><br>\r\n    2013-2015 y\u0131llar\u0131 aras\u0131nda Tiyatro Mess toplulu\u011fu ile pek \u00e7ok farkl\u0131 yap\u0131mda sahne alarak tecr\u00fcbesini peki\u015ftirmi\u015ftir. Sahne disiplini ve enerjisiyle k\u0131sa s\u00fcrede dikkat \u00e7eken bir performans sergilemi\u015ftir.\r\n    <br><br>\r\n    2018 y\u0131l\u0131nda Tiyatro KALE\u2019nin oyuncu kadrosuna dahil olan \u00dcmit Y\u0131ld\u0131r\u0131m, halen kurum b\u00fcnyesinde sanatsal \u00e7al\u0131\u015fmalar\u0131na ve sahne performanslar\u0131na aktif olarak ba\u015far\u0131yla devam etmektedir.\r\n  <\/div>\r\n  \r\n  <button type=\"button\" class=\"oku-buton\" onclick=\"var x = document.getElementById('biyo-umit-final'); if (x.style.display === 'block') { x.style.display = 'none'; this.textContent = 'Devam\u0131n\u0131 Oku'; } else { x.style.display = 'block'; this.textContent = 'Kapat'; }\">Devam\u0131n\u0131 Oku<\/button>\r\n<\/div>\t\t\t\t<\/div>\n\t\t\t\t<\/div>\n\t\t\t\t\t<\/div>\n\t\t\t\t<\/div>\n\t\t<div class=\"elementor-element elementor-element-f89cb94 e-flex e-con-boxed e-con e-parent\" data-id=\"f89cb94\" data-element_type=\"container\" data-e-type=\"container\">\n\t\t\t\t\t<div class=\"e-con-inner\">\n\t\t<div class=\"elementor-element elementor-element-d77c6fa e-con-full e-flex e-con e-child\" data-id=\"d77c6fa\" data-element_type=\"container\" data-e-type=\"container\">\n\t\t\t\t<div class=\"elementor-element elementor-element-b8da410 elementor-widget elementor-widget-html\" data-id=\"b8da410\" data-element_type=\"widget\" data-e-type=\"widget\" data-widget_type=\"html.default\">\n\t\t\t\t\t<div class=\"ekip-kart\">\r\n  <img decoding=\"async\" src=\"https:\/\/via.placeholder.com\/250x250\/f2f2f2\/999999?text=FOTO+GELECEK\" class=\"ekip-foto\">\r\n\r\n  <div class=\"ekip-isim\">Levent YAL\u00c7IN<\/div>\r\n  <div class=\"ekip-unvan\">Oyuncu ve M\u00fczisyen<\/div>\r\n\r\n  <div class=\"biyo-ozet\">\r\n    1973 do\u011fumlu olan Levent Yal\u00e7\u0131n, \u0130n\u015faat M\u00fchendisi kimli\u011fini sanat\u0131n esteti\u011fiyle birle\u015ftirmi\u015ftir. 2008 y\u0131l\u0131ndan bu yana Tiyatro KALE b\u00fcnyesinde oyuncu ve m\u00fczisyen olarak \u00e7ok y\u00f6nl\u00fc bir sanat kariyeri s\u00fcrd\u00fcrmektedir.\r\n  <\/div>\r\n\r\n  <div id=\"biyo-levent-final\" class=\"biyo-tamam\">\r\n    M\u00fchendislik disiplinini sahne sanatlar\u0131na ta\u015f\u0131yan Yal\u00e7\u0131n, 2008 y\u0131l\u0131nda Tiyatro KALE'de ald\u0131\u011f\u0131 profesyonel oyunculuk e\u011fitimiyle sanat hayat\u0131na g\u00fc\u00e7l\u00fc bir giri\u015f yapm\u0131\u015ft\u0131r. Sanata olan tutkusu onu sadece sahne \u00f6n\u00fcyle s\u0131n\u0131rl\u0131 b\u0131rakmam\u0131\u015f, m\u00fczi\u011fin evrensel diline de y\u00f6nlendirmi\u015ftir.\r\n    <br><br>\r\n    Yan fl\u00fct ve ritim gibi enstr\u00fcmanlar \u00fczerine ald\u0131\u011f\u0131 derinlikli e\u011fitimleri ba\u015far\u0131yla tamamlayan sanat\u00e7\u0131, bu alanda imza att\u0131\u011f\u0131 nitelikli \u00e7al\u0131\u015fmalarla uluslararas\u0131 platformlarda takdir toplam\u0131\u015f ve geni\u015f bir yank\u0131 uyand\u0131rm\u0131\u015ft\u0131r. Performans sanat\u0131 ile m\u00fczi\u011fi i\u00e7 i\u00e7e ge\u00e7iren \u00f6zg\u00fcn tarz\u0131yla dikkat \u00e7ekmektedir.\r\n    <br><br>\r\n    2009 y\u0131l\u0131ndan bu yana Tiyatro KALE oyuncu kadrosunda aktif olarak yer alan Levent Yal\u00e7\u0131n, hem oyuncu kimli\u011fi hem de sanatsal \u00e7ok y\u00f6nl\u00fcl\u00fc\u011f\u00fc ile kurumun vizyonuna ve projelerine de\u011fer katmaya devam etmektedir.\r\n  <\/div>\r\n  \r\n  <button type=\"button\" class=\"oku-buton\" onclick=\"var x = document.getElementById('biyo-levent-final'); if (x.style.display === 'block') { x.style.display = 'none'; this.textContent = 'Devam\u0131n\u0131 Oku'; } else { x.style.display = 'block'; this.textContent = 'Kapat'; }\">Devam\u0131n\u0131 Oku<\/button>\r\n<\/div>\t\t\t\t<\/div>\n\t\t\t\t<\/div>\n\t\t<div class=\"elementor-element elementor-element-40cc9ca e-con-full e-flex e-con e-child\" data-id=\"40cc9ca\" data-element_type=\"container\" data-e-type=\"container\">\n\t\t\t\t<div class=\"elementor-element elementor-element-c50c7b3 elementor-widget elementor-widget-html\" data-id=\"c50c7b3\" data-element_type=\"widget\" data-e-type=\"widget\" data-widget_type=\"html.default\">\n\t\t\t\t\t<div class=\"ekip-kart\">\r\n  <img decoding=\"async\" src=\"https:\/\/via.placeholder.com\/250x250\/f2f2f2\/999999?text=FOTO+GELECEK\" class=\"ekip-foto\">\r\n\r\n  <div class=\"ekip-isim\">Turgut ZEYT\u0130N<\/div>\r\n  <div class=\"ekip-unvan\">Oyuncu ve I\u015f\u0131k Tasar\u0131m<\/div>\r\n\r\n  <div class=\"biyo-ozet\">\r\n    1989 Bart\u0131n do\u011fumlu olan Turgut Zeytin, Kad\u0131k\u00f6y Bar\u0131\u015f Man\u00e7o ve Halk E\u011fitim Merkezlerinde ald\u0131\u011f\u0131 derinlikli tiyatro e\u011fitimlerini sahne tecr\u00fcbesiyle birle\u015ftirmi\u015ftir. 2018'den bu yana Tiyatro KALE b\u00fcnyesinde hem sahne \u00f6n\u00fcnde hem de mutfakta aktif rol almaktad\u0131r.\r\n  <\/div>\r\n\r\n  <div id=\"biyo-turgut-final\" class=\"biyo-tamam\">\r\n    Akademik e\u011fitimini \u0130\u015fletme ve \u0130ktisat alanlar\u0131nda s\u00fcrd\u00fcr\u00fcrken, sanat tutkusunun pe\u015finden giden Zeytin; Kad\u0131k\u00f6y'\u00fcn k\u00f6kl\u00fc sanat merkezlerinde toplam 3 y\u0131l s\u00fcren profesyonel tiyatro e\u011fitimi alm\u0131\u015ft\u0131r. \r\n    <br><br>\r\n    5 y\u0131l boyunca \u00e7e\u015fitli tiyatro topluluklar\u0131nda \u00e7ocuk ve yeti\u015fkin oyunlar\u0131nda oyuncu olarak sahne alman\u0131n yan\u0131 s\u0131ra; yard\u0131mc\u0131 y\u00f6netmenlik ve \u0131\u015f\u0131k teknisyenli\u011fi gibi teknik alanlarda da uzmanla\u015fm\u0131\u015ft\u0131r. Sahnenin hem estetik hem de teknik diline hakimiyetiyle projelerin b\u00fct\u00fcn\u00fcne katk\u0131 sunmaktad\u0131r.\r\n    <br><br>\r\n    2018 y\u0131l\u0131nda Tiyatro KALE kadrosuna dahil olan Turgut Zeytin, halen kurum b\u00fcnyesinde oyunculuk ve teknik y\u00f6netim g\u00f6revlerine ba\u015far\u0131yla devam etmektedir.\r\n  <\/div>\r\n  \r\n  <button type=\"button\" class=\"oku-buton\" onclick=\"var x = document.getElementById('biyo-turgut-final'); if (x.style.display === 'block') { x.style.display = 'none'; this.textContent = 'Devam\u0131n\u0131 Oku'; } else { x.style.display = 'block'; this.textContent = 'Kapat'; }\">Devam\u0131n\u0131 Oku<\/button>\r\n<\/div>\t\t\t\t<\/div>\n\t\t\t\t<\/div>\n\t\t<div class=\"elementor-element elementor-element-c2b0224 e-con-full e-flex e-con e-child\" data-id=\"c2b0224\" data-element_type=\"container\" data-e-type=\"container\">\n\t\t\t\t<div class=\"elementor-element elementor-element-6bf0539 elementor-widget elementor-widget-html\" data-id=\"6bf0539\" data-element_type=\"widget\" data-e-type=\"widget\" data-widget_type=\"html.default\">\n\t\t\t\t\t<div class=\"ekip-kart\">\r\n  <img decoding=\"async\" src=\"https:\/\/via.placeholder.com\/250x250\/f2f2f2\/999999?text=FOTO+GELECEK\" class=\"ekip-foto\">\r\n\r\n  <div class=\"ekip-isim\">Y\u0131lmaz Y\u0130\u011eC\u0130<\/div>\r\n  <div class=\"ekip-unvan\">Oyuncu ve J\u00fcri \u00dcyesi<\/div>\r\n\r\n  <div class=\"biyo-ozet\">\r\n    1987 \u0130stanbul do\u011fumlu olan Y\u0131lmaz Yi\u011fci, Kad\u0131k\u00f6y Halk E\u011fitim Merkezi b\u00fcnyesinde drama ve pandomim e\u011fitimlerini tamamlam\u0131\u015ft\u0131r. Sahne performanslar\u0131n\u0131n yan\u0131 s\u0131ra Direkleraras\u0131 Se\u00e7ici Kurul \u00dcyesi olarak tiyatro sanat\u0131na y\u00f6n vermektedir.\r\n  <\/div>\r\n\r\n  <div id=\"biyo-yilmaz-final\" class=\"biyo-tamam\">\r\n    Sanat yolculu\u011funa Kad\u0131k\u00f6y'de ald\u0131\u011f\u0131 3 d\u00f6nemlik uygulamal\u0131 tiyatro, drama ve pandomim e\u011fitimleriyle sa\u011flam bir temel atan Yi\u011fci, beden dilini ve sahne esteti\u011fini profesyonel performanslar\u0131na ba\u015far\u0131yla yans\u0131tm\u0131\u015ft\u0131r. \r\n    <br><br>\r\n    Tiyatro d\u00fcnyas\u0131ndaki birikimi ve tarafs\u0131z bak\u0131\u015f a\u00e7\u0131s\u0131yla \"Direkleraras\u0131 Se\u00e7ici Kurul \u00dcyesi\" olarak j\u00fcri \u00fcyeli\u011fi g\u00f6revini \u00fcstlenen sanat\u00e7\u0131, tiyatro eserlerinin de\u011ferlendirilmesi ve \u00f6d\u00fcllendirilmesi s\u00fcre\u00e7lerinde aktif rol oynamaktad\u0131r. \u00c7ok y\u00f6nl\u00fc sanat anlay\u0131\u015f\u0131yla pek \u00e7ok farkl\u0131 prod\u00fcksiyonda yer alm\u0131\u015ft\u0131r.\r\n    <br><br>\r\n    2024 y\u0131l\u0131nda Tiyatro KALE\u2019nin oyuncu kadrosuna dahil olan Y\u0131lmaz Yi\u011fci, halen kurum b\u00fcnyesinde sanatsal tutkusunu sahnelemeye ve Tiyatro KALE'nin sanatsal vizyonuna g\u00fc\u00e7 katmaya devam etmektedir.\r\n  <\/div>\r\n  \r\n  <button type=\"button\" class=\"oku-buton\" onclick=\"var x = document.getElementById('biyo-yilmaz-final'); if (x.style.display === 'block') { x.style.display = 'none'; this.textContent = 'Devam\u0131n\u0131 Oku'; } else { x.style.display = 'block'; this.textContent = 'Kapat'; }\">Devam\u0131n\u0131 Oku<\/button>\r\n<\/div>\t\t\t\t<\/div>\n\t\t\t\t<\/div>\n\t\t<div class=\"elementor-element elementor-element-9086d9d e-con-full e-flex e-con e-child\" data-id=\"9086d9d\" data-element_type=\"container\" data-e-type=\"container\">\n\t\t\t\t<\/div>\n\t\t\t\t\t<\/div>\n\t\t\t\t<\/div>\n\t\t<div class=\"elementor-element elementor-element-3d8b74b e-flex e-con-boxed e-con e-parent\" data-id=\"3d8b74b\" data-element_type=\"container\" data-e-type=\"container\">\n\t\t\t\t\t<div class=\"e-con-inner\">\n\t\t<div class=\"elementor-element elementor-element-f8effc5 e-con-full e-flex e-con e-child\" data-id=\"f8effc5\" data-element_type=\"container\" data-e-type=\"container\">\n\t\t\t\t<div class=\"elementor-element elementor-element-369c809 elementor-widget elementor-widget-html\" data-id=\"369c809\" data-element_type=\"widget\" data-e-type=\"widget\" data-widget_type=\"html.default\">\n\t\t\t\t\t<div class=\"ekip-kart\">\r\n  <img decoding=\"async\" src=\"http:\/\/tiyatrokale.com\/wp-content\/uploads\/2026\/04\/Mustafa-Kiran-Yeni-Karizmatik.jpg\" class=\"ekip-foto\">\r\n\r\n  <div class=\"ekip-isim\">MUSTAFA KIRAN<\/div>\r\n  <div class=\"ekip-unvan\">Oyuncu \/ Yazar<\/div>\r\n\r\n  <div class=\"biyo-ozet\">\r\n    1951 y\u0131l\u0131nda d\u00fcnyaya gelen Mustafa K\u0131ran, diplomasiden spora, i\u015f d\u00fcnyas\u0131ndan sanata uzanan \u00e7ok y\u00f6nl\u00fc bir kariyerin ard\u0131ndan 2024 y\u0131l\u0131nda Tiyatro KALE ailesine kat\u0131lm\u0131\u015ft\u0131r.\r\n  <\/div>\r\n\r\n  <div id=\"biyo-mustafa-yeni\" class=\"biyo-tamam\" style=\"display:none;\">\r\n    2 Eyl\u00fcl 1951 tarihinde d\u00fcnyaya geldi. \u0130lk ve orta \u00f6\u011frenimini \u015ei\u015fli Terakki Lisesi\u2019nde tamamlad\u0131ktan sonra, dil e\u011fitimini \u0130svi\u00e7re\u2019de Montreux Monte Rosa Yabanc\u0131 Diller Okulu\u2019nda bitirdi.\r\n    <br><br>\r\n    Diplomasi ve i\u015f d\u00fcnyas\u0131ndaki kariyerine 1980 y\u0131l\u0131nda Ankara\u2019da Brezilya B\u00fcy\u00fckel\u00e7ili\u011fi b\u00fcnyesinde ba\u015flad\u0131. Ard\u0131ndan uzun y\u0131llar boyunca \u0130stanbul Brezilya Fahri Konsolosu (Vice Consulado) olarak g\u00f6rev ald\u0131.\r\n    <br><br>\r\n    Spor d\u00fcnyas\u0131nda; Fenerbah\u00e7e Spor Kul\u00fcb\u00fc\u2019nde Didi, Parreira, Zico gibi efsane teknik direkt\u00f6rlerin ve Alex de Souza gibi d\u00fcnya y\u0131ld\u0131zlar\u0131n\u0131n terc\u00fcmanl\u0131\u011f\u0131n\u0131 yapt\u0131. 7 dil bilmektedir.\r\n    <br><br>\r\n    Sanat kariyerinde 110\u2019un \u00fczerinde yerli dizide rol alm\u0131\u015f, sinema ve tiyatro senaryolar\u0131 kaleme alm\u0131\u015ft\u0131r. Evlilik Vasiyetnamesi, Romeo ve Juliet, Saks\u0131dan Babam \u00c7\u0131kt\u0131 ve Arkada\u015f\u0131m Kar\u0131m Olunca oyunlar\u0131nda sahne alm\u0131\u015ft\u0131r.\r\n    <br><br>\r\n    <strong>Halen Tiyatro KALE\u2019de g\u00f6revine ba\u015far\u0131 ile devam etmektedir.<\/strong>\r\n  <\/div>\r\n  \r\n  <button type=\"button\" class=\"oku-buton\" onclick=\"var x = document.getElementById('biyo-mustafa-yeni'); if (x.style.display === 'none' || x.style.display === '') { x.style.display = 'block'; this.textContent = 'Kapat'; } else { x.style.display = 'none'; this.textContent = 'Devam\u0131n\u0131 Oku'; }\">Devam\u0131n\u0131 Oku<\/button>\r\n<\/div>\t\t\t\t<\/div>\n\t\t\t\t<\/div>\n\t\t<div class=\"elementor-element elementor-element-a12f2c4 e-con-full e-flex e-con e-child\" data-id=\"a12f2c4\" data-element_type=\"container\" data-e-type=\"container\">\n\t\t\t\t<\/div>\n\t\t<div class=\"elementor-element elementor-element-5737189 e-con-full e-flex e-con e-child\" data-id=\"5737189\" data-element_type=\"container\" data-e-type=\"container\">\n\t\t\t\t<\/div>\n\t\t<div class=\"elementor-element elementor-element-e7bb709 e-con-full e-flex e-con e-child\" data-id=\"e7bb709\" data-element_type=\"container\" data-e-type=\"container\">\n\t\t\t\t<\/div>\n\t\t\t\t\t<\/div>\n\t\t\t\t<\/div>\n\t\t\t\t<\/div>\n\t\t","protected":false},"excerpt":{"rendered":"<p>Kayhan KABAN Genel Sanat Y\u00f6netmeni 1974 y\u0131l\u0131nda Erzurum\u2019da d\u00fcnyaya gelen Kayhan KABAN, hen\u00fcz \u00e7ocukluk d\u00f6neminde tiyatro ile tan\u0131\u015farak sanat ya\u015fam\u0131na [&hellip;]<\/p>\n","protected":false},"author":2,"featured_media":0,"parent":0,"menu_order":0,"comment_status":"closed","ping_status":"closed","template":"","meta":{"site-sidebar-layout":"no-sidebar","site-content-layout":"","ast-site-content-layout":"full-width-container","site-content-style":"default","site-sidebar-style":"default","ast-global-header-display":"","ast-banner-title-visibility":"","ast-main-header-display":"","ast-hfb-above-header-display":"","ast-hfb-below-header-display":"","ast-hfb-mobile-header-display":"","site-post-title":"","ast-breadcrumbs-content":"","ast-featured-img":"disabled","footer-sml-layout":"","ast-disable-related-posts":"","theme-transparent-header-meta":"","adv-header-id-meta":"","stick-header-meta":"","header-above-stick-meta":"","header-main-stick-meta":"","header-below-stick-meta":"","astra-migrate-meta-layouts":"default","ast-page-background-enabled":"default","ast-page-background-meta":{"desktop":{"background-color":"var(--ast-global-color-5)","background-image":"","background-repeat":"repeat","background-position":"center center","background-size":"auto","background-attachment":"scroll","background-type":"","background-media":"","overlay-type":"","overlay-color":"","overlay-opacity":"","overlay-gradient":""},"tablet":{"background-color":"","background-image":"","background-repeat":"repeat","background-position":"center center","background-size":"auto","background-attachment":"scroll","background-type":"","background-media":"","overlay-type":"","overlay-color":"","overlay-opacity":"","overlay-gradient":""},"mobile":{"background-color":"","background-image":"","background-repeat":"repeat","background-position":"center center","background-size":"auto","background-attachment":"scroll","background-type":"","background-media":"","overlay-type":"","overlay-color":"","overlay-opacity":"","overlay-gradient":""}},"ast-content-background-meta":{"desktop":{"background-color":"var(--ast-global-color-4)","background-image":"","background-repeat":"repeat","background-position":"center center","background-size":"auto","background-attachment":"scroll","background-type":"","background-media":"","overlay-type":"","overlay-color":"","overlay-opacity":"","overlay-gradient":""},"tablet":{"background-color":"var(--ast-global-color-4)","background-image":"","background-repeat":"repeat","background-position":"center center","background-size":"auto","background-attachment":"scroll","background-type":"","background-media":"","overlay-type":"","overlay-color":"","overlay-opacity":"","overlay-gradient":""},"mobile":{"background-color":"var(--ast-global-color-4)","background-image":"","background-repeat":"repeat","background-position":"center center","background-size":"auto","background-attachment":"scroll","background-type":"","background-media":"","overlay-type":"","overlay-color":"","overlay-opacity":"","overlay-gradient":""}},"footnotes":""},"class_list":["post-60","page","type-page","status-publish","hentry"],"_links":{"self":[{"href":"http:\/\/www.tiyatrokale.com\/index.php?rest_route=\/wp\/v2\/pages\/60","targetHints":{"allow":["GET"]}}],"collection":[{"href":"http:\/\/www.tiyatrokale.com\/index.php?rest_route=\/wp\/v2\/pages"}],"about":[{"href":"http:\/\/www.tiyatrokale.com\/index.php?rest_route=\/wp\/v2\/types\/page"}],"author":[{"embeddable":true,"href":"http:\/\/www.tiyatrokale.com\/index.php?rest_route=\/wp\/v2\/users\/2"}],"replies":[{"embeddable":true,"href":"http:\/\/www.tiyatrokale.com\/index.php?rest_route=%2Fwp%2Fv2%2Fcomments&post=60"}],"version-history":[{"count":130,"href":"http:\/\/www.tiyatrokale.com\/index.php?rest_route=\/wp\/v2\/pages\/60\/revisions"}],"predecessor-version":[{"id":290,"href":"http:\/\/www.tiyatrokale.com\/index.php?rest_route=\/wp\/v2\/pages\/60\/revisions\/290"}],"wp:attachment":[{"href":"http:\/\/www.tiyatrokale.com\/index.php?rest_route=%2Fwp%2Fv2%2Fmedia&parent=60"}],"curies":[{"name":"wp","href":"https:\/\/api.w.org\/{rel}","templated":true}]}}